{"id":3,"date":"2022-09-08T14:04:28","date_gmt":"2022-09-08T14:04:28","guid":{"rendered":"https:\/\/konstruktion.vamtam.com\/?page_id=3"},"modified":"2025-07-06T03:47:17","modified_gmt":"2025-07-06T01:47:17","slug":"dataskydd","status":"publish","type":"page","link":"https:\/\/carbstream.com\/sv\/datenschutz\/","title":{"rendered":"Skydd av personuppgifter"},"content":{"rendered":"<div data-elementor-type=\"wp-page\" data-elementor-id=\"3\" class=\"elementor elementor-3\" data-elementor-post-type=\"page\">\n\t\t\t\t\t\t<section class=\"elementor-section elementor-top-section elementor-element elementor-element-3752e3f elementor-section-boxed elementor-section-height-default elementor-section-height-default\" data-id=\"3752e3f\" data-element_type=\"section\" data-e-type=\"section\">\n\t\t\t\t\t\t<div class=\"elementor-container elementor-column-gap-no\">\n\t\t\t\t\t<div class=\"elementor-column elementor-col-50 elementor-top-column elementor-element elementor-element-e5e5eb0\" data-id=\"e5e5eb0\" data-element_type=\"column\" data-e-type=\"column\">\n\t\t\t<div class=\"elementor-widget-wrap elementor-element-populated\">\n\t\t\t\t\t\t<div class=\"elementor-element elementor-element-3da94fd elementor-position-inline-end elementor-widget__width-auto elementor-mobile-position-inline-end elementor-widget-mobile__width-auto elementor-hidden-desktop elementor-hidden-tablet elementor-hidden-mobile elementor-view-default elementor-invisible elementor-widget elementor-widget-icon-box\" data-id=\"3da94fd\" data-element_type=\"widget\" data-e-type=\"widget\" data-settings=\"{&quot;_animation&quot;:&quot;slideInUp&quot;,&quot;_animation_tablet&quot;:&quot;none&quot;}\" data-widget_type=\"icon-box.default\">\n\t\t\t\t<div class=\"elementor-widget-container\">\n\t\t\t\t\t\t\t<div class=\"elementor-icon-box-wrapper\">\n\n\t\t\t\t\t\t<div class=\"elementor-icon-box-icon\">\n\t\t\t\t<span  class=\"elementor-icon\">\n\t\t\t\t<i aria-hidden=\"true\" class=\"vamtamtheme- vamtam-theme-line-titles\"><\/i>\t\t\t\t<\/span>\n\t\t\t<\/div>\n\t\t\t\n\t\t\t\t\t\t<div class=\"elementor-icon-box-content\">\n\n\t\t\t\t\t\t\t\t\t<span class=\"elementor-icon-box-title\">\n\t\t\t\t\t\t<span  >\n\t\t\t\t\t\t\tIntegritet\t\t\t\t\t\t<\/span>\n\t\t\t\t\t<\/span>\n\t\t\t\t\n\t\t\t\t\n\t\t\t<\/div>\n\t\t\t\n\t\t<\/div>\n\t\t\t\t\t\t<\/div>\n\t\t\t\t<\/div>\n\t\t\t\t\t<\/div>\n\t\t<\/div>\n\t\t\t\t<div class=\"elementor-column elementor-col-50 elementor-top-column elementor-element elementor-element-497e17e\" data-id=\"497e17e\" data-element_type=\"column\" data-e-type=\"column\">\n\t\t\t<div class=\"elementor-widget-wrap\">\n\t\t\t\t\t\t\t<\/div>\n\t\t<\/div>\n\t\t\t\t\t<\/div>\n\t\t<\/section>\n\t\t\t\t<section class=\"elementor-section elementor-top-section elementor-element elementor-element-75e9d0c elementor-section-boxed elementor-section-height-default elementor-section-height-default\" data-id=\"75e9d0c\" data-element_type=\"section\" data-e-type=\"section\">\n\t\t\t\t\t\t<div class=\"elementor-container elementor-column-gap-no\">\n\t\t\t\t\t<div class=\"elementor-column elementor-col-100 elementor-top-column elementor-element elementor-element-1b11d4e\" data-id=\"1b11d4e\" data-element_type=\"column\" data-e-type=\"column\">\n\t\t\t<div class=\"elementor-widget-wrap elementor-element-populated\">\n\t\t\t\t\t\t<div class=\"elementor-element elementor-element-4e48e24 elementor-widget elementor-widget-text-editor\" data-id=\"4e48e24\" data-element_type=\"widget\" data-e-type=\"widget\" data-widget_type=\"text-editor.default\">\n\t\t\t\t<div class=\"elementor-widget-container\">\n\t\t\t\t\t\t\t\t\t<p><strong>1. Dataskydd i korthet<\/strong><\/p><p>Allm\u00e4n information<\/p><p>F\u00f6ljande information ger en enkel \u00f6versikt \u00f6ver vad som h\u00e4nder med dina personuppgifter n\u00e4r du bes\u00f6ker denna webbplats. Personuppgifter \u00e4r alla uppgifter som kan anv\u00e4ndas f\u00f6r att identifiera dig personligen. Detaljerad information om \u00e4mnet dataskydd finns i v\u00e5r dataskyddsdeklaration som listas under denna text.<\/p><p><strong>Datainsamling p\u00e5 denna webbplats<\/strong><\/p><p>Vem \u00e4r ansvarig f\u00f6r datainsamlingen p\u00e5 denna webbplats?<\/p><p>Databehandlingen p\u00e5 denna webbplats utf\u00f6rs av webbplatsens operat\u00f6r. Du hittar operat\u00f6rens kontaktuppgifter i avsnittet \"Information om den personuppgiftsansvarige\" i denna integritetspolicy.<\/p><p>Hur samlar vi in dina uppgifter?<\/p><p>\u00c5 ena sidan samlas dina uppgifter in n\u00e4r du l\u00e4mnar dem till oss. Det kan t.ex. vara uppgifter som du anger i ett kontaktformul\u00e4r.<\/p><p>Andra uppgifter samlas in automatiskt eller med ditt samtycke av v\u00e5ra IT-system n\u00e4r du bes\u00f6ker webbplatsen. Det r\u00f6r sig i f\u00f6rsta hand om tekniska uppgifter (t.ex. webbl\u00e4sare, operativsystem eller tid f\u00f6r sidvisning). Dessa uppgifter samlas in automatiskt s\u00e5 snart du g\u00e5r in p\u00e5 denna webbplats.<\/p><p>Vad anv\u00e4nder vi dina uppgifter till?<\/p><p>En del av uppgifterna samlas in f\u00f6r att s\u00e4kerst\u00e4lla att webbplatsen tillhandah\u00e5lls felfritt. Andra uppgifter kan anv\u00e4ndas f\u00f6r att analysera ditt anv\u00e4ndarbeteende. Om avtal kan ing\u00e5s eller initieras via webbplatsen, kommer de \u00f6verf\u00f6rda uppgifterna ocks\u00e5 att behandlas f\u00f6r avtalserbjudanden, best\u00e4llningar eller andra orderf\u00f6rfr\u00e5gningar.<\/p><p>Vilka r\u00e4ttigheter har du n\u00e4r det g\u00e4ller dina uppgifter?<\/p><p>Du har r\u00e4tt att n\u00e4r som helst kostnadsfritt f\u00e5 information om ursprung, mottagare och syfte med dina lagrade personuppgifter. Du har ocks\u00e5 r\u00e4tt att beg\u00e4ra r\u00e4ttelse eller radering av dessa uppgifter. Om du har gett ditt samtycke till databehandling kan du n\u00e4r som helst \u00e5terkalla detta samtycke f\u00f6r framtiden. Du har ocks\u00e5 r\u00e4tt att beg\u00e4ra att behandlingen av dina personuppgifter begr\u00e4nsas under vissa omst\u00e4ndigheter. Vidare har du r\u00e4tt att l\u00e4mna in ett klagom\u00e5l till beh\u00f6rig tillsynsmyndighet.<\/p><p>Du kan n\u00e4r som helst kontakta oss om du har ytterligare fr\u00e5gor om dataskydd.<\/p><p>Analysverktyg och verktyg fr\u00e5n tredjepartsleverant\u00f6rer<\/p><p>N\u00e4r du bes\u00f6ker denna webbplats kan ditt surfbeteende utv\u00e4rderas statistiskt. Detta g\u00f6rs huvudsakligen med s\u00e5 kallade analysprogram.<\/p><p>Detaljerad information om dessa analysprogram finns i f\u00f6ljande integritetspolicy.<\/p><p><strong>2. Hosting<\/strong><\/p><p>Vi hostar inneh\u00e5llet p\u00e5 v\u00e5r webbplats med f\u00f6ljande leverant\u00f6r:<\/p><p>Extern hosting<\/p><p>Denna webbplats hostas externt. De personuppgifter som samlas in p\u00e5 denna webbplats lagras p\u00e5 v\u00e4rdarnas servrar. Det kan r\u00f6ra sig om IP-adresser, kontaktf\u00f6rfr\u00e5gningar, meta- och kommunikationsdata, avtalsdata, kontaktuppgifter, namn, webbplatsbes\u00f6k och andra data som genereras via en webbplats.<\/p><p>Extern hosting sker i syfte att fullg\u00f6ra avtal med v\u00e5ra potentiella och befintliga kunder (art. 6.1 b i GDPR) och f\u00f6r att en professionell leverant\u00f6r ska kunna tillhandah\u00e5lla v\u00e5rt online-erbjudande p\u00e5 ett s\u00e4kert, snabbt och effektivt s\u00e4tt (art. 6.1 f i GDPR). Om ett motsvarande samtycke har beg\u00e4rts, sker behandlingen uteslutande p\u00e5 grundval av artikel 6.1 a i GDPR och \u00a7 25.1 i TDDDG, i den m\u00e5n samtycket omfattar lagring av cookies eller tillg\u00e5ng till information i anv\u00e4ndarens terminalutrustning (t.ex. fingeravtryck) i den mening som avses i TDDDG. Samtycket kan \u00e5terkallas n\u00e4r som helst.<\/p><p>V\u00e5ra v\u00e4rdar kommer endast att behandla dina uppgifter i den utstr\u00e4ckning som \u00e4r n\u00f6dv\u00e4ndig f\u00f6r att uppfylla sina prestationsskyldigheter och f\u00f6lja v\u00e5ra instruktioner avseende dessa uppgifter.<\/p><p>Vi anv\u00e4nder f\u00f6ljande hoster(s):<\/p><p>Serverprofis GmbH<br \/>Mondstr. 2-4<br \/>85622 Feldkirchen<\/p><p>Orderhantering<\/p><p>Vi har ing\u00e5tt ett databehandlingsavtal (DPA) f\u00f6r anv\u00e4ndningen av den ovan n\u00e4mnda tj\u00e4nsten. Detta \u00e4r ett avtal som regleras av dataskyddslagstiftningen och som garanterar att personuppgifterna f\u00f6r v\u00e5ra webbplatsbes\u00f6kare endast behandlas i enlighet med v\u00e5ra instruktioner och i \u00f6verensst\u00e4mmelse med dataskyddsf\u00f6rordningen.<\/p><p><strong>3 Allm\u00e4nna anvisningar och obligatorisk information<\/strong><\/p><p>Skydd av personuppgifter<\/p><p>Operat\u00f6rerna av dessa sidor tar skyddet av dina personuppgifter p\u00e5 st\u00f6rsta allvar. Vi behandlar dina personuppgifter konfidentiellt och i enlighet med de lagstadgade dataskyddsbest\u00e4mmelserna och denna integritetspolicy.<\/p><p>N\u00e4r du anv\u00e4nder denna webbplats samlas olika personuppgifter in. Personuppgifter \u00e4r uppgifter som kan anv\u00e4ndas f\u00f6r att identifiera dig personligen. I denna integritetspolicy f\u00f6rklaras vilka uppgifter vi samlar in och vad vi anv\u00e4nder dem till. Den f\u00f6rklarar ocks\u00e5 hur och i vilket syfte detta g\u00f6rs.<\/p><p>Vi vill p\u00e5peka att data\u00f6verf\u00f6ring via Internet (t.ex. vid kommunikation via e-post) kan vara f\u00f6rem\u00e5l f\u00f6r s\u00e4kerhetsbrister. Ett fullst\u00e4ndigt skydd av uppgifter mot \u00e5tkomst av tredje part \u00e4r inte m\u00f6jligt.<\/p><p>Anm\u00e4rkning om ansvarigt organ<\/p><p>Personuppgiftsansvarig f\u00f6r databehandlingen p\u00e5 denna webbplats \u00e4r<\/p><p>CarbStream GmbH<br \/>Allersbergerstra\u00dfe, 33<br \/>90602 Pyrbaum<\/p><p>Telefon: 091801862796<br \/>E-post: info@carbstream.de<\/p><p>Personuppgiftsansvarig \u00e4r den fysiska eller juridiska person som ensam eller tillsammans med andra best\u00e4mmer \u00e4ndam\u00e5len med och medlen f\u00f6r behandlingen av personuppgifter (t.ex. namn, e-postadresser etc.).<\/p><p>Lagringens varaktighet<\/p><p>Om inte en mer specifik lagringsperiod har angetts i denna integritetspolicy kommer dina personuppgifter att finnas kvar hos oss tills syftet med databehandlingen inte l\u00e4ngre \u00e4r till\u00e4mpligt. Om du g\u00f6r en ber\u00e4ttigad beg\u00e4ran om radering eller \u00e5terkallar ditt samtycke till databehandling kommer dina uppgifter att raderas, s\u00e5vida vi inte har andra lagligt till\u00e5tna sk\u00e4l f\u00f6r att lagra dina personuppgifter (t.ex. lagringstider enligt skatte- eller handelslagstiftning); i det senare fallet kommer raderingen att ske efter att dessa sk\u00e4l inte l\u00e4ngre \u00e4r till\u00e4mpliga.<\/p><p>Allm\u00e4n information om den r\u00e4ttsliga grunden f\u00f6r databehandling p\u00e5 denna webbplats<\/p><p>Om du har samtyckt till databehandling behandlar vi dina personuppgifter p\u00e5 grundval av artikel 6.1 a i GDPR eller artikel 9.2 a i GDPR, i den m\u00e5n s\u00e4rskilda kategorier av uppgifter behandlas i enlighet med artikel 9.1 i GDPR. Vid uttryckligt samtycke till \u00f6verf\u00f6ring av personuppgifter till tredje land sker databehandlingen \u00e4ven p\u00e5 grundval av artikel 49.1 a i GDPR. Om du har samtyckt till lagring av cookies eller tillg\u00e5ng till information i din slutenhet (t.ex. via enhetens fingeravtryck) utf\u00f6rs databehandlingen ocks\u00e5 p\u00e5 grundval av avsnitt 25.1 TDDDG. Samtycket kan \u00e5terkallas n\u00e4r som helst. Om dina uppgifter kr\u00e4vs f\u00f6r att fullg\u00f6ra ett avtal eller f\u00f6r att genomf\u00f6ra \u00e5tg\u00e4rder f\u00f6re avtalets ing\u00e5ende, behandlar vi dina uppgifter p\u00e5 grundval av artikel 6.1 b i GDPR. Dessutom behandlar vi dina uppgifter om det \u00e4r n\u00f6dv\u00e4ndigt f\u00f6r att uppfylla en r\u00e4ttslig f\u00f6rpliktelse enligt artikel 6.1 c i GDPR. Databehandlingen kan ocks\u00e5 ske p\u00e5 grundval av v\u00e5rt ber\u00e4ttigade intresse i enlighet med artikel 6.1 f i GDPR. Information om de relevanta r\u00e4ttsliga grunderna i varje enskilt fall finns i f\u00f6ljande stycken i denna integritetspolicy.<\/p><p>Mottagare av personuppgifter<\/p><p>Som en del av v\u00e5r aff\u00e4rsverksamhet samarbetar vi med olika externa organisationer. I vissa fall \u00e4r det ocks\u00e5 n\u00f6dv\u00e4ndigt att \u00f6verf\u00f6ra personuppgifter till dessa externa organisationer. Vi \u00f6verf\u00f6r endast personuppgifter till externa organ om det \u00e4r n\u00f6dv\u00e4ndigt f\u00f6r att fullg\u00f6ra ett avtal, om vi \u00e4r skyldiga att g\u00f6ra det enligt lag (t.ex. \u00f6verf\u00f6ring av uppgifter till skattemyndigheter), om vi har ett ber\u00e4ttigat intresse av \u00f6verf\u00f6ringen i enlighet med artikel 6.1 f i GDPR eller om en annan r\u00e4ttslig grund till\u00e5ter \u00f6verf\u00f6ring av uppgifter. N\u00e4r vi anv\u00e4nder oss av personuppgiftsbitr\u00e4den vidarebefordrar vi endast v\u00e5ra kunders personuppgifter p\u00e5 grundval av ett giltigt avtal om orderbehandling. Vid gemensam behandling ing\u00e5s ett avtal om gemensam behandling.<\/p><p>\u00c5terkallande av ditt samtycke till databehandling<\/p><p>M\u00e5nga databehandlings\u00e5tg\u00e4rder \u00e4r endast m\u00f6jliga med ditt uttryckliga samtycke. Du kan n\u00e4r som helst \u00e5terkalla ditt samtycke. Lagligheten i den databehandling som utf\u00f6rts fram till \u00e5terkallandet p\u00e5verkas inte av \u00e5terkallandet.<\/p><p>R\u00e4tt att inv\u00e4nda mot insamling av uppgifter i s\u00e4rskilda fall och mot direktmarknadsf\u00f6ring (artikel 21 i GDPR)<\/p><p>OM DATABEHANDLINGEN \u00c4R BASERAD P\u00c5 ART. 6 ABS. 1 LIT. E ELLER F GDPR HAR DU R\u00c4TT ATT N\u00c4R SOM HELST INV\u00c4NDA MOT BEHANDLINGEN AV DINA PERSONUPPGIFTER AV SK\u00c4L SOM H\u00c4NF\u00d6R SIG TILL DIN SPECIFIKA SITUATION; DETTA G\u00c4LLER \u00c4VEN PROFILERING SOM GRUNDAR SIG P\u00c5 DESSA BEST\u00c4MMELSER. DEN R\u00c4TTSLIGA GRUND SOM LIGGER TILL GRUND F\u00d6R BEHANDLINGEN FRAMG\u00c5R AV DENNA INTEGRITETSPOLICY. OM DU INV\u00c4NDER KOMMER VI INTE L\u00c4NGRE ATT BEHANDLA DINA PERSONUPPGIFTER, S\u00c5VIDA VI INTE KAN P\u00c5VISA TVINGANDE BER\u00c4TTIGADE SK\u00c4L F\u00d6R BEHANDLINGEN SOM V\u00c4GER TYNGRE \u00c4N DINA INTRESSEN, R\u00c4TTIGHETER OCH FRIHETER ELLER BEHANDLINGEN TJ\u00c4NAR TILL ATT FASTST\u00c4LLA, G\u00d6RA G\u00c4LLANDE ELLER F\u00d6RSVARA R\u00c4TTSLIGA ANSPR\u00c5K (INV\u00c4NDNING ENLIGT ART. 21.1 GDPR).<\/p><p>OM DINA PERSONUPPGIFTER BEHANDLAS F\u00d6R DIREKTMARKNADSF\u00d6RING HAR DU R\u00c4TT ATT N\u00c4R SOM HELST INV\u00c4NDA MOT BEHANDLINGEN AV DINA PERSONUPPGIFTER F\u00d6R S\u00c5DAN MARKNADSF\u00d6RING; DETTA G\u00c4LLER \u00c4VEN PROFILERING I DEN M\u00c5N DEN HAR SAMBAND MED S\u00c5DAN DIREKTMARKNADSF\u00d6RING. OM DU INV\u00c4NDER KOMMER DINA PERSONUPPGIFTER D\u00c4REFTER INTE L\u00c4NGRE ATT ANV\u00c4NDAS F\u00d6R DIREKTMARKNADSF\u00d6RING (INV\u00c4NDNING ENLIGT ART. 21.2 GDPR).<br \/>R\u00e4tt att l\u00e4mna in klagom\u00e5l till beh\u00f6rig tillsynsmyndighet<\/p><p>Vid \u00f6vertr\u00e4delser av GDPR har registrerade r\u00e4tt att l\u00e4mna in ett klagom\u00e5l till en tillsynsmyndighet, s\u00e4rskilt i den medlemsstat d\u00e4r de \u00e4r stadigvarande bosatta, har sin arbetsplats eller d\u00e4r den p\u00e5st\u00e5dda \u00f6vertr\u00e4delsen \u00e4gde rum. R\u00e4tten att l\u00e4mna in ett klagom\u00e5l p\u00e5verkar inte andra administrativa eller r\u00e4ttsliga \u00e5tg\u00e4rder.<\/p><p>R\u00e4tt till dataportabilitet<\/p><p>Du har r\u00e4tt att f\u00e5 uppgifter som vi behandlar automatiskt p\u00e5 grundval av ditt samtycke eller f\u00f6r att fullg\u00f6ra ett avtal utl\u00e4mnade till dig eller till tredje part i ett allm\u00e4nt anv\u00e4nt, maskinl\u00e4sbart format. Om du beg\u00e4r direkt \u00f6verf\u00f6ring av uppgifterna till en annan personuppgiftsansvarig kommer detta endast att ske i den m\u00e5n det \u00e4r tekniskt genomf\u00f6rbart.<\/p><p>Information, r\u00e4ttelse och radering<\/p><p>Inom ramen f\u00f6r till\u00e4mpliga lagbest\u00e4mmelser har du r\u00e4tt att n\u00e4r som helst f\u00e5 gratis information om dina lagrade personuppgifter, deras ursprung och mottagare och syftet med databehandlingen och, om n\u00f6dv\u00e4ndigt, r\u00e4tt till korrigering eller radering av dessa uppgifter. Du kan n\u00e4r som helst kontakta oss om du har ytterligare fr\u00e5gor om personuppgifter.<\/p><p>R\u00e4tt till begr\u00e4nsning av behandling<\/p><p>Du har r\u00e4tt att beg\u00e4ra begr\u00e4nsning av behandlingen av dina personuppgifter. Du kan n\u00e4r som helst kontakta oss f\u00f6r att g\u00f6ra detta. R\u00e4tten till begr\u00e4nsning av behandling finns i f\u00f6ljande fall:<\/p><p>Om du bestrider riktigheten i dina personuppgifter som lagras hos oss beh\u00f6ver vi i allm\u00e4nhet tid f\u00f6r att kontrollera detta. Under den tid som granskningen p\u00e5g\u00e5r har du r\u00e4tt att beg\u00e4ra att behandlingen av dina personuppgifter begr\u00e4nsas.<br \/>Om behandlingen av dina personuppgifter var\/\u00e4r olaglig kan du beg\u00e4ra att behandlingen begr\u00e4nsas ist\u00e4llet f\u00f6r att raderas.<br \/>Om vi inte l\u00e4ngre beh\u00f6ver dina personuppgifter, men du beh\u00f6ver dem f\u00f6r att ut\u00f6va, f\u00f6rsvara eller g\u00f6ra g\u00e4llande r\u00e4ttsliga anspr\u00e5k, har du r\u00e4tt att beg\u00e4ra att behandlingen av dina personuppgifter begr\u00e4nsas ist\u00e4llet f\u00f6r att de raderas.<br \/>Om du har gjort en inv\u00e4ndning i enlighet med artikel 21.1 i GDPR m\u00e5ste en avv\u00e4gning g\u00f6ras mellan dina och v\u00e5ra intressen. S\u00e5 l\u00e4nge det \u00e4nnu inte har fastst\u00e4llts vems intressen som v\u00e4ger tyngst har du r\u00e4tt att beg\u00e4ra att behandlingen av dina personuppgifter begr\u00e4nsas.<br \/>Om du har begr\u00e4nsat behandlingen av dina personuppgifter f\u00e5r dessa uppgifter - bortsett fr\u00e5n lagring - endast behandlas med ditt samtycke eller f\u00f6r att fastst\u00e4lla, g\u00f6ra g\u00e4llande eller f\u00f6rsvara r\u00e4ttsliga anspr\u00e5k eller f\u00f6r att skydda en annan fysisk eller juridisk persons r\u00e4ttigheter eller av sk\u00e4l som r\u00f6r ett viktigt allm\u00e4nintresse f\u00f6r Europeiska unionen eller en medlemsstat.<\/p><p>SSL- eller TLS-kryptering<\/p><p>Denna webbplats anv\u00e4nder SSL- eller TLS-kryptering av s\u00e4kerhetssk\u00e4l och f\u00f6r att skydda \u00f6verf\u00f6ringen av konfidentiellt inneh\u00e5ll, t.ex. best\u00e4llningar eller f\u00f6rfr\u00e5gningar som du skickar till oss som webbplatsoperat\u00f6r. Du kan k\u00e4nna igen en krypterad anslutning genom att adressraden i webbl\u00e4saren \u00e4ndras fr\u00e5n \"http:\/\/\" till \"https:\/\/\" och genom l\u00e5ssymbolen i din webbl\u00e4sarrad.<\/p><p>Om SSL- eller TLS-kryptering \u00e4r aktiverad kan de uppgifter som du skickar till oss inte l\u00e4sas av tredje part.<\/p><p><strong>4. datainsamling p\u00e5 denna webbplats<\/strong><\/p><p>Kakor<\/p><p>P\u00e5 v\u00e5ra webbsidor anv\u00e4nds s.k. \"cookies\". Cookies \u00e4r sm\u00e5 datapaket som inte orsakar n\u00e5gon skada p\u00e5 din slutenhet. De lagras p\u00e5 din enhet antingen tempor\u00e4rt under en session (sessionscookies) eller permanent (permanenta cookies). Sessionscookies raderas automatiskt i slutet av ditt bes\u00f6k. Permanenta cookies lagras p\u00e5 din slutenhet tills du sj\u00e4lv raderar dem eller tills de raderas automatiskt av din webbl\u00e4sare.<\/p><p>Cookies kan h\u00e4rr\u00f6ra fr\u00e5n oss (f\u00f6rstapartscookies) eller fr\u00e5n tredjepartsf\u00f6retag (s.k. tredjepartscookies). Tredjepartscookies g\u00f6r det m\u00f6jligt att integrera vissa tj\u00e4nster fr\u00e5n tredjepartsf\u00f6retag p\u00e5 webbplatser (t.ex. cookies f\u00f6r hantering av betaltj\u00e4nster).<\/p><p>Cookies har olika funktioner. M\u00e5nga cookies \u00e4r tekniskt n\u00f6dv\u00e4ndiga, eftersom vissa funktioner p\u00e5 webbplatsen inte skulle fungera utan dem (t.ex. varukorgsfunktionen eller visning av videoklipp). Andra cookies kan anv\u00e4ndas f\u00f6r att analysera anv\u00e4ndarbeteende eller f\u00f6r reklam\u00e4ndam\u00e5l.<\/p><p>Cookies som kr\u00e4vs f\u00f6r att genomf\u00f6ra den elektroniska kommunikationsprocessen, f\u00f6r att tillhandah\u00e5lla vissa funktioner som du har beg\u00e4rt (t.ex. f\u00f6r varukorgsfunktionen) eller f\u00f6r att optimera webbplatsen (t.ex. cookies f\u00f6r att m\u00e4ta webbpubliken) (n\u00f6dv\u00e4ndiga cookies) lagras p\u00e5 grundval av artikel 6.1 f GDPR, s\u00e5vida inte en annan r\u00e4ttslig grund anges. Webbplatsoperat\u00f6ren har ett ber\u00e4ttigat intresse av att lagra n\u00f6dv\u00e4ndiga cookies f\u00f6r att kunna tillhandah\u00e5lla sina tj\u00e4nster p\u00e5 ett tekniskt felfritt och optimerat s\u00e4tt. Om samtycke till lagring av cookies och j\u00e4mf\u00f6rbara igenk\u00e4nningstekniker har beg\u00e4rts, sker behandlingen uteslutande p\u00e5 grundval av detta samtycke (artikel 6.1 a i GDPR och \u00a7 25.1 i TDDDG); samtycket kan \u00e5terkallas n\u00e4r som helst.<\/p><p>Du kan st\u00e4lla in din webbl\u00e4sare s\u00e5 att du informeras om inst\u00e4llningen av cookies och endast till\u00e5ta cookies i enskilda fall, utesluta godk\u00e4nnande av cookies f\u00f6r vissa fall eller i allm\u00e4nhet och aktivera automatisk radering av cookies n\u00e4r du st\u00e4nger webbl\u00e4saren. Om cookies avaktiveras kan funktionaliteten p\u00e5 denna webbplats vara begr\u00e4nsad.<\/p><p>Vilka cookies och tj\u00e4nster som anv\u00e4nds p\u00e5 denna webbplats framg\u00e5r av denna integritetspolicy.<\/p><p>Serverns loggfiler<\/p><p>Leverant\u00f6ren av sidorna samlar automatiskt in och lagrar information i s\u00e5 kallade serverloggfiler, som din webbl\u00e4sare automatiskt \u00f6verf\u00f6r till oss. Dessa \u00e4r<\/p><p>Typ av webbl\u00e4sare och webbl\u00e4sarversion<br \/>Operativsystem som anv\u00e4nds<br \/>H\u00e4nvisande URL<br \/>V\u00e4rdnamn f\u00f6r den \u00e5tkomliga datorn<br \/>Tidpunkt f\u00f6r serverf\u00f6rfr\u00e5gan<br \/>IP-adress<br \/>Dessa data sl\u00e5s inte samman med andra datak\u00e4llor.<\/p><p>Dessa uppgifter samlas in p\u00e5 grundval av artikel 6.1 f i GDPR. Webbplatsoperat\u00f6ren har ett ber\u00e4ttigat intresse av en tekniskt felfri presentation och optimering av sin webbplats - serverloggfilerna m\u00e5ste registreras f\u00f6r detta \u00e4ndam\u00e5l.<\/p><p>Kontaktformul\u00e4r<\/p><p>Om du skickar f\u00f6rfr\u00e5gningar till oss via kontaktformul\u00e4ret kommer dina uppgifter fr\u00e5n f\u00f6rfr\u00e5gningsformul\u00e4ret, inklusive de kontaktuppgifter du anger d\u00e4r, att lagras av oss i syfte att behandla f\u00f6rfr\u00e5gningen och vid eventuella f\u00f6ljdfr\u00e5gor. Vi kommer inte att vidarebefordra dessa uppgifter utan ditt samtycke.<\/p><p>Dessa uppgifter behandlas p\u00e5 grundval av artikel 6.1 b i GDPR om din f\u00f6rfr\u00e5gan \u00e4r relaterad till fullg\u00f6randet av ett avtal eller \u00e4r n\u00f6dv\u00e4ndig f\u00f6r att genomf\u00f6ra \u00e5tg\u00e4rder f\u00f6re avtalets ing\u00e5ende. I alla andra fall baseras behandlingen p\u00e5 v\u00e5rt ber\u00e4ttigade intresse av att effektivt kunna behandla de f\u00f6rfr\u00e5gningar som riktas till oss (art. 6.1 f GDPR) eller p\u00e5 ditt samtycke (art. 6.1 a GDPR) om detta har beg\u00e4rts; samtycket kan \u00e5terkallas n\u00e4r som helst.<\/p><p>Vi lagrar de uppgifter som du l\u00e4mnar i kontaktformul\u00e4ret tills du beg\u00e4r att de ska raderas, \u00e5terkallar ditt samtycke till lagringen eller tills syftet med lagringen inte l\u00e4ngre \u00e4r aktuellt (t.ex. efter att din beg\u00e4ran har uppfyllts). Obligatoriska lagstadgade best\u00e4mmelser - i synnerhet lagringstider - p\u00e5verkas inte.<\/p><p>F\u00f6rfr\u00e5gan via e-post, telefon eller fax<\/p><p>Om du kontaktar oss via e-post, telefon eller fax kommer din f\u00f6rfr\u00e5gan inklusive alla personuppgifter (namn, f\u00f6rfr\u00e5gan) att lagras och behandlas av oss i syfte att behandla din f\u00f6rfr\u00e5gan. Vi kommer inte att vidarebefordra dessa uppgifter utan ditt samtycke.<\/p><p>Dessa uppgifter behandlas p\u00e5 grundval av artikel 6.1 b i GDPR om din f\u00f6rfr\u00e5gan \u00e4r relaterad till fullg\u00f6randet av ett avtal eller \u00e4r n\u00f6dv\u00e4ndig f\u00f6r att genomf\u00f6ra \u00e5tg\u00e4rder f\u00f6re avtalets ing\u00e5ende. I alla andra fall baseras behandlingen p\u00e5 v\u00e5rt ber\u00e4ttigade intresse av att effektivt kunna behandla de f\u00f6rfr\u00e5gningar som riktas till oss (art. 6.1 f GDPR) eller p\u00e5 ditt samtycke (art. 6.1 a GDPR) om detta har beg\u00e4rts; samtycket kan \u00e5terkallas n\u00e4r som helst.<\/p><p>De uppgifter som du skickar till oss via kontaktf\u00f6rfr\u00e5gningar kommer att finnas kvar hos oss tills du ber oss att radera dem, \u00e5terkallar ditt samtycke till lagring eller syftet med datalagringen inte l\u00e4ngre g\u00e4ller (t.ex. efter att din beg\u00e4ran har behandlats). Obligatoriska lagstadgade best\u00e4mmelser - i synnerhet lagstadgade lagringsperioder - p\u00e5verkas inte.<\/p><p>Tidsbokning<\/p><p>Vi anv\u00e4nder tj\u00e4nsten \"Calendly\" som erbjuds av Calendly LLC, 271 17th St NW, Atlanta, GA 30363, USA, f\u00f6r att boka m\u00f6ten. Om du bokar en tid via den l\u00e4nk som tillhandah\u00e5lls kommer personuppgifter som ditt namn, din e-postadress och annan information att \u00f6verf\u00f6ras till Calendly. Behandlingen sker p\u00e5 grundval av artikel 6.1 b i GDPR f\u00f6r genomf\u00f6rande av \u00e5tg\u00e4rder f\u00f6re avtalets ing\u00e5ende eller p\u00e5 grundval av ditt samtycke i enlighet med artikel 6.1 a i GDPR.<\/p><p>Ytterligare information om Calendlys databehandling finns i Calendlys integritetspolicy: https:\/\/calendly.com\/privacy<\/p><p>Facebook-annonskampanjer med kontaktformul\u00e4r<\/p><p>Som en del av v\u00e5ra reklamkampanjer p\u00e5 Facebook anv\u00e4nder vi Facebook Instant Form (lead-formul\u00e4r). Intresserade personer kan anv\u00e4nda detta formul\u00e4r f\u00f6r att frivilligt l\u00e4mna sina kontaktuppgifter (t.ex. namn, e-postadress, telefonnummer) f\u00f6r att f\u00e5 en icke-bindande konsultation fr\u00e5n oss.<\/p><p>De personuppgifter som samlas in i processen behandlas uteslutande i syfte att ta kontakt, arrangera m\u00f6ten och ge personlig r\u00e5dgivning.<\/p><p>Den r\u00e4ttsliga grunden f\u00f6r behandlingen \u00e4r artikel 6.1 b i GDPR (\u00e5tg\u00e4rd f\u00f6re ing\u00e5ende av avtal) och i f\u00f6rekommande fall artikel 6.1 a i GDPR (samtycke). Uppgifterna kommer inte att vidarebefordras till tredje part.<\/p><p>Uppgifterna kommer endast att lagras s\u00e5 l\u00e4nge som det \u00e4r n\u00f6dv\u00e4ndigt f\u00f6r att behandla din beg\u00e4ran, s\u00e5vida inte lagstadgade lagringsskyldigheter f\u00f6rhindrar detta.<\/p><p>Dina r\u00e4ttigheter:<\/p><p>Enligt GDPR har du r\u00e4tt att n\u00e4r som helst beg\u00e4ra att:<br \/>- Information (artikel 15 i GDPR)<br \/>- R\u00e4ttelse (artikel 16 i GDPR)<br \/>- Radering (artikel 17 i GDPR)<br \/>- Begr\u00e4nsning av behandling (artikel 18 i GDPR)<br \/>- Dataportabilitet (artikel 20 i GDPR)<br \/>- Inv\u00e4ndning (artikel 21 i GDPR)<\/p><p>F\u00f6r att h\u00e4vda dina r\u00e4ttigheter, skicka bara ett informellt meddelande till:<br \/>info@carbstream.de<\/p><p>Observera att data\u00f6verf\u00f6ringen sker via Facebook (Meta Platforms Ireland Limited). Ytterligare information om databehandling av Meta finns p\u00e5:<br \/>https:\/\/www.facebook.com\/policy.php<\/p><p><strong>5. Plugins och verktyg<\/strong><\/p><p>Google Fonts (lokal hosting)<\/p><p>Denna webbplats anv\u00e4nder s\u00e5 kallade Google Fonts, som tillhandah\u00e5lls av Google, f\u00f6r standardiserad visning av teckensnitt. Googles typsnitt installeras lokalt. Det finns ingen anslutning till Googles servrar.<\/p><p>Mer information om Google Fonts finns p\u00e5 https:\/\/developers.google.com\/fonts\/faq och i Googles integritetspolicy: https:\/\/policies.google.com\/privacy?hl=de.<\/p><p>Anv\u00e4ndning av Calendly f\u00f6r att boka m\u00f6ten<\/p><p>Vi anv\u00e4nder verktyget \"Calendly\" p\u00e5 v\u00e5r webbplats f\u00f6r att boka m\u00f6ten. Leverant\u00f6ren \u00e4r Calendly LLC, 271 17th St NW, Atlanta, GA 30363, USA.<\/p><p>Om du bokar ett m\u00f6te via Calendly kommer de uppgifter du anger (t.ex. namn, e-postadress, telefonnummer och andra uppgifter som du l\u00e4mnar n\u00e4r du bokar ett m\u00f6te) att behandlas. Uppgifterna anv\u00e4nds uteslutande f\u00f6r att organisera och genomf\u00f6ra m\u00f6tet.<\/p><p>R\u00e4ttslig grund<\/p><p>Dina uppgifter behandlas med st\u00f6d av artikel 6.1 b i GDPR om bokningen av m\u00f6tet \u00e4r n\u00f6dv\u00e4ndig f\u00f6r att fullg\u00f6ra ett avtal eller f\u00f6r att genomf\u00f6ra \u00e5tg\u00e4rder f\u00f6re avtalets ing\u00e5ende. I alla andra fall baseras behandlingen p\u00e5 ditt samtycke (art. 6.1 a i GDPR) eller p\u00e5 v\u00e5rt ber\u00e4ttigade intresse av en effektiv tidsbokning (art. 6.1 f i GDPR).<\/p><p>Data\u00f6verf\u00f6ring till USA<\/p><p>Observera att dina uppgifter kan komma att \u00f6verf\u00f6ras till USA. Calendly garanterar dock en adekvat niv\u00e5 av dataskydd genom att ing\u00e5 s\u00e5 kallade EU-standardavtalsklausuler. Ytterligare information finns i Calendlys integritetspolicy p\u00e5: https:\/\/calendly.com\/de\/privacy.<\/p><p>Dataskyddsmeddelande f\u00f6r Google Site Kit och Google Tag Manager<\/p><p>P\u00e5 v\u00e5r webbplats anv\u00e4nds WordPress-till\u00e4gget \"Site Kit\" fr\u00e5n Google (Google Ireland Limited, Gordon House, Barrow Street, Dublin 4, Irland).<br \/>Site Kit integrerar olika Google-tj\u00e4nster direkt i v\u00e5rt WordPress-system och tillhandah\u00e5ller bl.a. f\u00f6ljande funktioner:<\/p><p>- Google Analytics f\u00f6r statistisk analys av anv\u00e4ndarbeteende<br \/>- PageSpeed Insights f\u00f6r teknisk optimering av webbplatsens prestanda<br \/>- Google Search Console f\u00f6r analys av synlighet i Google-s\u00f6kningar<br \/>- Google Tag Manager f\u00f6r centraliserad integrering och hantering av sp\u00e5rningskoder<\/p><p>Google Analytics<br \/>Vi anv\u00e4nder endast Google Analytics med aktiverad IP-anonymisering (anonymizeIP), s\u00e5 att din IP-adress f\u00f6rkortas inom EU innan den \u00f6verf\u00f6rs till Googles servrar. Detta f\u00f6rhindrar att n\u00e5gra slutsatser dras om din person.<\/p><p>Google Tag Manager<br \/>Google Tag Manager (GTM) \u00e4r ett tagghanteringssystem som g\u00f6r det m\u00f6jligt f\u00f6r oss att hantera webbplatstaggar centralt via ett anv\u00e4ndargr\u00e4nssnitt. Tag Manager i sig behandlar inga personuppgifter, utan utl\u00f6ser bara andra taggar - \u00e4ven om dessa kan samla in uppgifter under vissa omst\u00e4ndigheter (till exempel via Google Analytics eller andra marknadsf\u00f6ringsverktyg).<br \/>Vi anv\u00e4nder l\u00e4mplig konfiguration f\u00f6r att s\u00e4kerst\u00e4lla att alla integrerade tj\u00e4nster endast aktiveras med ditt uttryckliga samtycke (samtyckesbaserad taggning).<\/p><p class=\"p1\"><span class=\"s1\">De viktigaste Google-cookies som anv\u00e4nds i samband med dessa tj\u00e4nster \u00e4r<\/span><\/p><p class=\"p1\"><span class=\"s1\"> - <\/span><span class=\"s2\">NID<\/span><span class=\"s1\">, _Secure-ENID - spara anv\u00e4ndarpreferenser och spr\u00e5kinst\u00e4llningar<\/span><\/p><p class=\"p1\"><span class=\"s1\"> - <\/span><span class=\"s2\">IDE<\/span><span class=\"s1\">, ANID, DSID - anv\u00e4nds f\u00f6r att m\u00e4ta och personanpassa annonsering (Google Ads\/DoubleClick)<\/span><\/p><p class=\"p1\"><span class=\"s1\"> - <\/span><span class=\"s2\">_ga<\/span><span class=\"s1\">, _gid, _gads, _gac_* - tillh\u00f6r Google Analytics och Ads, f\u00f6r analys och kampanjallokering<\/span><\/p><p class=\"p1\"><span class=\"s1\"> - <\/span><span class=\"s2\">BES\u00d6KARE_INFO1_LIVE<\/span><span class=\"s1\">, __Secure-YEC - YouTube-cookies f\u00f6r att optimera videouppspelning och f\u00f6rhindra bedr\u00e4gerier<\/span><\/p><p class=\"p1\"><span class=\"s1\"> - <\/span><span class=\"s2\">SAMTYCKE<\/span><span class=\"s1\"> - sparar dina inst\u00e4llningar f\u00f6r samtycke<\/span><\/p><p>R\u00e4ttslig grund<br \/>Databehandlingen baseras p\u00e5 ditt samtycke i enlighet med artikel 6.1 lit. a GDPR, f\u00f6rutsatt att du aktivt har samtyckt till detta via v\u00e5r cookie-banner.<br \/>Du kan n\u00e4r som helst \u00e5terkalla ditt samtycke med verkan f\u00f6r framtiden.<\/p><p>Du hittar mer information om Googles anv\u00e4ndning av data p\u00e5 f\u00f6ljande webbplats:<br \/>https:\/\/policies.google.com\/privacy<br \/>https:\/\/marketingplatform.google.com\/about\/tag-manager\/<br \/>https:\/\/sitekit.withgoogle.com<\/p><p>Anm\u00e4rkning om samtycke (cookiehantering med CookieYes)<br \/>Vi anv\u00e4nder CookieYes verktyg f\u00f6r samtyckeshantering f\u00f6r att integrera Google Analytics, Google Tag Manager och andra cookies i enlighet med dataskyddsbest\u00e4mmelserna.<br \/>N\u00e4r du bes\u00f6ker v\u00e5r webbplats f\u00f6r f\u00f6rsta g\u00e5ngen visas en cookie-banner som g\u00f6r det m\u00f6jligt f\u00f6r dig att individuellt v\u00e4lja vilka kategorier av cookies och tj\u00e4nster du vill till\u00e5ta. De motsvarande sp\u00e5rningskoderna laddas endast n\u00e4r du har gett ditt aktiva samtycke.<\/p><p>Du kan n\u00e4r som helst \u00e5terkalla eller \u00e4ndra ditt samtycke genom att klicka p\u00e5 l\u00e4nken f\u00f6r cookie-inst\u00e4llningar l\u00e4ngst ned p\u00e5 webbplatsen.<\/p><p>Dina r\u00e4ttigheter<\/p><p>Du kan n\u00e4r som helst \u00e5terkalla ditt samtycke med verkan f\u00f6r framtiden. F\u00f6r att g\u00f6ra det, v\u00e4nligen anv\u00e4nd kontaktuppgifterna ovan.<\/p><p>K\u00e4lla: https:\/\/www.e-recht24.de<\/p>\t\t\t\t\t\t\t\t<\/div>\n\t\t\t\t<\/div>\n\t\t\t\t\t<\/div>\n\t\t<\/div>\n\t\t\t\t\t<\/div>\n\t\t<\/section>\n\t\t\t\t<\/div>","protected":false},"excerpt":{"rendered":"<p>F\u00f6ljande information ger en enkel \u00f6versikt \u00f6ver vad som h\u00e4nder med dina personuppgifter n\u00e4r du bes\u00f6ker denna webbplats. Personuppgifter \u00e4r alla uppgifter som kan anv\u00e4ndas f\u00f6r att identifiera dig personligen. Detaljerad information om \u00e4mnet dataskydd finns i v\u00e5r dataskyddsdeklaration som listas under denna text.<\/p>","protected":false},"author":1,"featured_media":0,"parent":0,"menu_order":0,"comment_status":"closed","ping_status":"closed","template":"","meta":{"footnotes":""},"class_list":["post-3","page","type-page","status-publish","hentry"],"yoast_head":"<!-- This site is optimized with the Yoast SEO plugin v27.5 - https:\/\/yoast.com\/product\/yoast-seo-wordpress\/ -->\n<title>Datenschutz - Carbstream<\/title>\n<meta name=\"robots\" content=\"noindex, nofollow\" \/>\n<meta property=\"og:locale\" content=\"sv_SE\" \/>\n<meta property=\"og:type\" content=\"article\" \/>\n<meta property=\"og:title\" content=\"Datenschutz - Carbstream\" \/>\n<meta property=\"og:description\" content=\"Die folgenden Hinweise geben einen einfachen \u00dcberblick dar\u00fcber, was mit Ihren personenbezogenen Daten passiert, wenn Sie diese Website besuchen. Personenbezogene Daten sind alle Daten, mit denen Sie pers\u00f6nlich identifiziert werden k\u00f6nnen. Ausf\u00fchrliche Informationen zum Thema Datenschutz entnehmen Sie unserer unter diesem Text aufgef\u00fchrten Datenschutzerkl\u00e4rung.\" \/>\n<meta property=\"og:url\" content=\"https:\/\/carbstream.com\/sv\/dataskydd\/\" \/>\n<meta property=\"og:site_name\" content=\"Carbstream\" \/>\n<meta property=\"article:publisher\" content=\"https:\/\/www.facebook.com\/profile.php?id=61575354827873\" \/>\n<meta property=\"article:modified_time\" content=\"2025-07-06T01:47:17+00:00\" \/>\n<meta name=\"twitter:card\" content=\"summary_large_image\" \/>\n<meta name=\"twitter:label1\" content=\"Ber\u00e4knad l\u00e4stid\" \/>\n\t<meta name=\"twitter:data1\" content=\"20 minuter\" \/>\n<script type=\"application\/ld+json\" class=\"yoast-schema-graph\">{\"@context\":\"https:\\\/\\\/schema.org\",\"@graph\":[{\"@type\":\"WebPage\",\"@id\":\"https:\\\/\\\/carbstream.com\\\/datenschutz\\\/\",\"url\":\"https:\\\/\\\/carbstream.com\\\/datenschutz\\\/\",\"name\":\"Datenschutz - Carbstream\",\"isPartOf\":{\"@id\":\"https:\\\/\\\/carbstream.com\\\/#website\"},\"datePublished\":\"2022-09-08T14:04:28+00:00\",\"dateModified\":\"2025-07-06T01:47:17+00:00\",\"breadcrumb\":{\"@id\":\"https:\\\/\\\/carbstream.com\\\/datenschutz\\\/#breadcrumb\"},\"inLanguage\":\"sv-SE\",\"potentialAction\":[{\"@type\":\"ReadAction\",\"target\":[\"https:\\\/\\\/carbstream.com\\\/datenschutz\\\/\"]}]},{\"@type\":\"BreadcrumbList\",\"@id\":\"https:\\\/\\\/carbstream.com\\\/datenschutz\\\/#breadcrumb\",\"itemListElement\":[{\"@type\":\"ListItem\",\"position\":1,\"name\":\"Startseite\",\"item\":\"https:\\\/\\\/carbstream.com\\\/\"},{\"@type\":\"ListItem\",\"position\":2,\"name\":\"Datenschutz\"}]},{\"@type\":\"WebSite\",\"@id\":\"https:\\\/\\\/carbstream.com\\\/#website\",\"url\":\"https:\\\/\\\/carbstream.com\\\/\",\"name\":\"Carbstream\",\"description\":\"Pyrolyse und Biokohle\",\"publisher\":{\"@id\":\"https:\\\/\\\/carbstream.com\\\/#organization\"},\"potentialAction\":[{\"@type\":\"SearchAction\",\"target\":{\"@type\":\"EntryPoint\",\"urlTemplate\":\"https:\\\/\\\/carbstream.com\\\/?s={search_term_string}\"},\"query-input\":{\"@type\":\"PropertyValueSpecification\",\"valueRequired\":true,\"valueName\":\"search_term_string\"}}],\"inLanguage\":\"sv-SE\"},{\"@type\":\"Organization\",\"@id\":\"https:\\\/\\\/carbstream.com\\\/#organization\",\"name\":\"Carbstream GmbH\",\"url\":\"https:\\\/\\\/carbstream.com\\\/\",\"logo\":{\"@type\":\"ImageObject\",\"inLanguage\":\"sv-SE\",\"@id\":\"https:\\\/\\\/carbstream.com\\\/#\\\/schema\\\/logo\\\/image\\\/\",\"url\":\"https:\\\/\\\/carbstream.com\\\/wp-content\\\/uploads\\\/2022\\\/09\\\/CarbStream_Logo.png\",\"contentUrl\":\"https:\\\/\\\/carbstream.com\\\/wp-content\\\/uploads\\\/2022\\\/09\\\/CarbStream_Logo.png\",\"width\":2449,\"height\":1656,\"caption\":\"Carbstream GmbH\"},\"image\":{\"@id\":\"https:\\\/\\\/carbstream.com\\\/#\\\/schema\\\/logo\\\/image\\\/\"},\"sameAs\":[\"https:\\\/\\\/www.facebook.com\\\/profile.php?id=61575354827873\",\"https:\\\/\\\/www.linkedin.com\\\/company\\\/1carbstream\\\/\"]}]}<\/script>\n<!-- \/ Yoast SEO plugin. -->","yoast_head_json":{"title":"Dataskydd - Carbstream","robots":{"index":"noindex","follow":"nofollow"},"og_locale":"sv_SE","og_type":"article","og_title":"Datenschutz - Carbstream","og_description":"Die folgenden Hinweise geben einen einfachen \u00dcberblick dar\u00fcber, was mit Ihren personenbezogenen Daten passiert, wenn Sie diese Website besuchen. Personenbezogene Daten sind alle Daten, mit denen Sie pers\u00f6nlich identifiziert werden k\u00f6nnen. Ausf\u00fchrliche Informationen zum Thema Datenschutz entnehmen Sie unserer unter diesem Text aufgef\u00fchrten Datenschutzerkl\u00e4rung.","og_url":"https:\/\/carbstream.com\/sv\/dataskydd\/","og_site_name":"Carbstream","article_publisher":"https:\/\/www.facebook.com\/profile.php?id=61575354827873","article_modified_time":"2025-07-06T01:47:17+00:00","twitter_card":"summary_large_image","twitter_misc":{"Ber\u00e4knad l\u00e4stid":"20 minuter"},"schema":{"@context":"https:\/\/schema.org","@graph":[{"@type":"WebPage","@id":"https:\/\/carbstream.com\/datenschutz\/","url":"https:\/\/carbstream.com\/datenschutz\/","name":"Dataskydd - Carbstream","isPartOf":{"@id":"https:\/\/carbstream.com\/#website"},"datePublished":"2022-09-08T14:04:28+00:00","dateModified":"2025-07-06T01:47:17+00:00","breadcrumb":{"@id":"https:\/\/carbstream.com\/datenschutz\/#breadcrumb"},"inLanguage":"sv-SE","potentialAction":[{"@type":"ReadAction","target":["https:\/\/carbstream.com\/datenschutz\/"]}]},{"@type":"BreadcrumbList","@id":"https:\/\/carbstream.com\/datenschutz\/#breadcrumb","itemListElement":[{"@type":"ListItem","position":1,"name":"Startseite","item":"https:\/\/carbstream.com\/"},{"@type":"ListItem","position":2,"name":"Datenschutz"}]},{"@type":"WebSite","@id":"https:\/\/carbstream.com\/#website","url":"https:\/\/carbstream.com\/","name":"Carbstream","description":"Pyrolys och biokol","publisher":{"@id":"https:\/\/carbstream.com\/#organization"},"potentialAction":[{"@type":"SearchAction","target":{"@type":"EntryPoint","urlTemplate":"https:\/\/carbstream.com\/?s={search_term_string}"},"query-input":{"@type":"PropertyValueSpecification","valueRequired":true,"valueName":"search_term_string"}}],"inLanguage":"sv-SE"},{"@type":"Organization","@id":"https:\/\/carbstream.com\/#organization","name":"Carbstream GmbH","url":"https:\/\/carbstream.com\/","logo":{"@type":"ImageObject","inLanguage":"sv-SE","@id":"https:\/\/carbstream.com\/#\/schema\/logo\/image\/","url":"https:\/\/carbstream.com\/wp-content\/uploads\/2022\/09\/CarbStream_Logo.png","contentUrl":"https:\/\/carbstream.com\/wp-content\/uploads\/2022\/09\/CarbStream_Logo.png","width":2449,"height":1656,"caption":"Carbstream GmbH"},"image":{"@id":"https:\/\/carbstream.com\/#\/schema\/logo\/image\/"},"sameAs":["https:\/\/www.facebook.com\/profile.php?id=61575354827873","https:\/\/www.linkedin.com\/company\/1carbstream\/"]}]}},"_links":{"self":[{"href":"https:\/\/carbstream.com\/sv\/wp-json\/wp\/v2\/pages\/3","targetHints":{"allow":["GET"]}}],"collection":[{"href":"https:\/\/carbstream.com\/sv\/wp-json\/wp\/v2\/pages"}],"about":[{"href":"https:\/\/carbstream.com\/sv\/wp-json\/wp\/v2\/types\/page"}],"author":[{"embeddable":true,"href":"https:\/\/carbstream.com\/sv\/wp-json\/wp\/v2\/users\/1"}],"replies":[{"embeddable":true,"href":"https:\/\/carbstream.com\/sv\/wp-json\/wp\/v2\/comments?post=3"}],"version-history":[{"count":29,"href":"https:\/\/carbstream.com\/sv\/wp-json\/wp\/v2\/pages\/3\/revisions"}],"predecessor-version":[{"id":15758,"href":"https:\/\/carbstream.com\/sv\/wp-json\/wp\/v2\/pages\/3\/revisions\/15758"}],"wp:attachment":[{"href":"https:\/\/carbstream.com\/sv\/wp-json\/wp\/v2\/media?parent=3"}],"curies":[{"name":"wp","href":"https:\/\/api.w.org\/{rel}","templated":true}]}}